{"id":13534,"date":"2020-11-12T11:30:10","date_gmt":"2020-11-12T11:30:10","guid":{"rendered":"http:\/\/paletsosona.com\/politica-de-privadesa\/"},"modified":"2026-03-11T10:41:18","modified_gmt":"2026-03-11T10:41:18","slug":"politica-de-privadesa","status":"publish","type":"page","link":"https:\/\/paletsosona.com\/ca\/politica-de-privadesa\/","title":{"rendered":"Pol\u00edtica de privadesa"},"content":{"rendered":"\t\t<div data-elementor-type=\"wp-page\" data-elementor-id=\"13534\" class=\"elementor elementor-13534 elementor-3372\">\n\t\t\t\t\t\t\t\t\t<section class=\"elementor-section elementor-top-section elementor-element elementor-element-ccb4f2c elementor-section-boxed elementor-section-height-default elementor-section-height-default\" data-id=\"ccb4f2c\" data-element_type=\"section\" data-settings=\"{&quot;background_background&quot;:&quot;classic&quot;}\">\n\t\t\t\t\t\t<div class=\"elementor-container elementor-column-gap-default\">\n\t\t\t\t\t<div class=\"elementor-column elementor-col-100 elementor-top-column elementor-element elementor-element-cc3d6a0\" data-id=\"cc3d6a0\" data-element_type=\"column\" data-settings=\"{&quot;background_background&quot;:&quot;classic&quot;}\">\n\t\t\t<div class=\"elementor-widget-wrap elementor-element-populated\">\n\t\t\t\t\t\t\t\t<div class=\"elementor-element elementor-element-b4a09c8 poket-star-rating--align-center elementor-widget elementor-widget-witr_section_title\" data-id=\"b4a09c8\" data-element_type=\"widget\" data-widget_type=\"witr_section_title.default\">\n\t\t\t\t<div class=\"elementor-widget-container\">\n\t\t\t\t\t\t\t\t<!-- title left -->\n\t\t\t\t\t<div class=\"witr_section_title\">\n\t\t\t\t\t\t<div class=\"witr_section_title_inner text-left\">\n\t\t\t\t\t\t\n\t\t\t\t\t\t\t<!-- icon position -->\n\t\t\t\t\t\t\t\t\n\t\t\t\t\t\t\t<!-- end icon position -->\n\t\t\t\t\t\t\n\t\t\t\t\t\t\n\t\t\t\t\t\t\t<!-- title top -->\n\t\t\t\t\t\t\t\n\t\t\t\t\t\t\t<!-- icon position -->\n\t\t\t\t\t\t\t\t\t\t\t\t\t\t\n\t\t\t\t\t\t\t<!-- image -->\n\t\t\t\t\t\t\t\t\t\t\t\t\t\t<!-- icon -->\n\t\t\t\t\t\t\t\t\t\t\t\t\t\t\n\t\t\t\t\t\t\t<!-- bar -->\n\t\t\t\t\t\t\t\t\t\t\t\t\t\t<!-- circle bar -->\n\t\t\t\t\t\t\t\t\t\t\t\t\t\t\n\t\t\t\t\t\t\t\t\n\t\t\t\t\t\t\t<!-- end icon position -->\n\n\t\t\t\t\t\t\t\n\t\t\t\t\t\t\t<!-- title middle -->\n\t\t\t\t\t\t\t\t\t\t\t\t\t\t\t<h3>AV\u00cdS LEGAL I CONDICIONS D'\u00daS DEL PORTAL<\/h3>\t\t\n\t\t\t\t\t\t\t\t\t\t\t\t\t\t<!-- title bottom -->\n\t\t\t\t\t\t\t\t\t\t\t\t\t\t\n\t\t\t\t\t\t\t<!-- icon position -->\n\t\t\t\t\t\t\t\t\n\t\t\t\t\t\t\t<!-- end icon position -->\n\n\t\t\t\t\t\t\t<!-- content -->\n\t\t\t\t\t\t\t\t\t\t\t\t\t<\/div>\n\t\t\t\t\t\t\t<!-- inner title -->\n\t\t\t\t\t\t\t\t\t\t\t\t\t\n\t\t\t\t\t<\/div>\t\t\t\t\n\t\t\t\t\t\t<\/div>\n\t\t\t\t<\/div>\n\t\t\t\t<div class=\"elementor-element elementor-element-514b746 elementor-widget elementor-widget-text-editor\" data-id=\"514b746\" data-element_type=\"widget\" data-widget_type=\"text-editor.default\">\n\t\t\t\t<div class=\"elementor-widget-container\">\n\t\t\t<style>\/*! elementor - v3.12.2 - 23-04-2023 *\/\n.elementor-widget-text-editor.elementor-drop-cap-view-stacked .elementor-drop-cap{background-color:#69727d;color:#fff}.elementor-widget-text-editor.elementor-drop-cap-view-framed .elementor-drop-cap{color:#69727d;border:3px solid;background-color:transparent}.elementor-widget-text-editor:not(.elementor-drop-cap-view-default) .elementor-drop-cap{margin-top:8px}.elementor-widget-text-editor:not(.elementor-drop-cap-view-default) .elementor-drop-cap-letter{width:1em;height:1em}.elementor-widget-text-editor .elementor-drop-cap{float:left;text-align:center;line-height:1;font-size:50px}.elementor-widget-text-editor .elementor-drop-cap-letter{display:inline-block}<\/style>\t\t\t\t<p>Amb la finalitat de donar compliment a l\u2019article 10 de la Llei 34\/2002 de Serveis de la Societat de la Informaci\u00f3 i del Comer\u00e7 Electr\u00f2nic, informem als usuaris de les nostres dades:<\/p><p>Denominaci\u00f3 Social: RECICLATGE DE PALETS OSONA, SL<\/p><p>Domicili Social: C\/ Ind\u00fastria, 29-31 Sant Juli\u00e0 de Vilatorta<\/p><p>CIF: B65463937<\/p><p>Tel\u00e8fon: 93 812 5796<\/p><p>E-Mail: info@paletsosona.com<\/p><p>Lloc Web: <a href=\"https:\/\/paletsosona.com\/ca\/\">www.paletsosona.predev.eu<\/a><\/p>\t\t\t\t\t\t<\/div>\n\t\t\t\t<\/div>\n\t\t\t\t<div class=\"elementor-element elementor-element-d87e8cc poket-star-rating--align-center elementor-widget elementor-widget-witr_section_title\" data-id=\"d87e8cc\" data-element_type=\"widget\" data-widget_type=\"witr_section_title.default\">\n\t\t\t\t<div class=\"elementor-widget-container\">\n\t\t\t\t\t\t\t\t<!-- title left -->\n\t\t\t\t\t<div class=\"witr_section_title\">\n\t\t\t\t\t\t<div class=\"witr_section_title_inner text-left\">\n\t\t\t\t\t\t\n\t\t\t\t\t\t\t<!-- icon position -->\n\t\t\t\t\t\t\t\t\n\t\t\t\t\t\t\t<!-- end icon position -->\n\t\t\t\t\t\t\n\t\t\t\t\t\t\n\t\t\t\t\t\t\t<!-- title top -->\n\t\t\t\t\t\t\t\n\t\t\t\t\t\t\t<!-- icon position -->\n\t\t\t\t\t\t\t\t\t\t\t\t\t\t\n\t\t\t\t\t\t\t<!-- image -->\n\t\t\t\t\t\t\t\t\t\t\t\t\t\t<!-- icon -->\n\t\t\t\t\t\t\t\t\t\t\t\t\t\t\n\t\t\t\t\t\t\t<!-- bar -->\n\t\t\t\t\t\t\t\t\t\t\t\t\t\t<!-- circle bar -->\n\t\t\t\t\t\t\t\t\t\t\t\t\t\t\n\t\t\t\t\t\t\t\t\n\t\t\t\t\t\t\t<!-- end icon position -->\n\n\t\t\t\t\t\t\t\n\t\t\t\t\t\t\t<!-- title middle -->\n\t\t\t\t\t\t\t\t\t\t\t\t\t\t\t<h3>1. OBJECTE<\/h3>\t\t\n\t\t\t\t\t\t\t\t\t\t\t\t\t\t<!-- title bottom -->\n\t\t\t\t\t\t\t\t\t\t\t\t\t\t\n\t\t\t\t\t\t\t<!-- icon position -->\n\t\t\t\t\t\t\t\t\n\t\t\t\t\t\t\t<!-- end icon position -->\n\n\t\t\t\t\t\t\t<!-- content -->\n\t\t\t\t\t\t\t\t\t\t\t\t\t<\/div>\n\t\t\t\t\t\t\t<!-- inner title -->\n\t\t\t\t\t\t\t\t\t\t\t\t\t\n\t\t\t\t\t<\/div>\t\t\t\t\n\t\t\t\t\t\t<\/div>\n\t\t\t\t<\/div>\n\t\t\t\t<div class=\"elementor-element elementor-element-44e9147 elementor-widget elementor-widget-text-editor\" data-id=\"44e9147\" data-element_type=\"widget\" data-widget_type=\"text-editor.default\">\n\t\t\t\t<div class=\"elementor-widget-container\">\n\t\t\t\t\t\t\t<p>RECICLATGE DE PALETS OSONA, SL (en endavant tamb\u00e9 el prestador) com responsable del lloc web, posa a disposici\u00f3 dels usuaris el present document, que regula l\u2019\u00fas del lloc web WWW.PALETSOSONA.COM, amb el que pretenem donar compliment a les obligacions que disposa la Llei 34\/2002, de Serveis de la Societat de la Informaci\u00f3 i del Comer\u00e7 Electr\u00f2nic (LSSICE o LSSI), aix\u00ed com informar a tots els usuaris del lloc web respecte de quines s\u00f3n les condicions d\u2019\u00fas del lloc web.<\/p>\n<p>A trav\u00e9s de la Web,RECICLATGE DE PALETS OSONA, SL facilita als usuaris l\u2019acc\u00e9s i utilitzaci\u00f3 de diferents serveis i continguts posats a disposici\u00f3 a trav\u00e9s del web.<\/p>\n<p>Tota persona que accedeixi a aquesta web assumeix el paper d\u2019usuari (en endavant l\u2019usuari), i implica l\u2019acceptaci\u00f3 plena i sense reserves de totes i cada una de les disposicions incloses en aquest av\u00eds legal, aix\u00ed com a qualssevol altres disposicions legals que fossin d\u2019 aplicaci\u00f3.<\/p>\n<p>Com usuaris, heu de llegir atentament aquest Av\u00eds Legal en qualsevol de les ocasions que entreu a la web, doncs aquest pot sofrir modificacions ja que el prestador es reserva el dret a modificar qualsevol tipus d\u2019 informaci\u00f3 que pogu\u00e9s apar\u00e8ixer a la web, sense que existeixi l\u2019obligaci\u00f3 de pre-avisar o posar en coneixement dels usuaris aquestes obligacions, essent suficients la publicaci\u00f3 en el lloc web del prestador<\/p>\n\t\t\t\t\t\t<\/div>\n\t\t\t\t<\/div>\n\t\t\t\t<div class=\"elementor-element elementor-element-e60ff65 poket-star-rating--align-center elementor-widget elementor-widget-witr_section_title\" data-id=\"e60ff65\" data-element_type=\"widget\" data-widget_type=\"witr_section_title.default\">\n\t\t\t\t<div class=\"elementor-widget-container\">\n\t\t\t\t\t\t\t\t<!-- title left -->\n\t\t\t\t\t<div class=\"witr_section_title\">\n\t\t\t\t\t\t<div class=\"witr_section_title_inner text-left\">\n\t\t\t\t\t\t\n\t\t\t\t\t\t\t<!-- icon position -->\n\t\t\t\t\t\t\t\t\n\t\t\t\t\t\t\t<!-- end icon position -->\n\t\t\t\t\t\t\n\t\t\t\t\t\t\n\t\t\t\t\t\t\t<!-- title top -->\n\t\t\t\t\t\t\t\n\t\t\t\t\t\t\t<!-- icon position -->\n\t\t\t\t\t\t\t\t\t\t\t\t\t\t\n\t\t\t\t\t\t\t<!-- image -->\n\t\t\t\t\t\t\t\t\t\t\t\t\t\t<!-- icon -->\n\t\t\t\t\t\t\t\t\t\t\t\t\t\t\n\t\t\t\t\t\t\t<!-- bar -->\n\t\t\t\t\t\t\t\t\t\t\t\t\t\t<!-- circle bar -->\n\t\t\t\t\t\t\t\t\t\t\t\t\t\t\n\t\t\t\t\t\t\t\t\n\t\t\t\t\t\t\t<!-- end icon position -->\n\n\t\t\t\t\t\t\t\n\t\t\t\t\t\t\t<!-- title middle -->\n\t\t\t\t\t\t\t\t\t\t\t\t\t\t\t<h3>2. CONDICIONS D'ACC\u00c9S I \u00daS DEL WEB.<\/h3>\t\t\n\t\t\t\t\t\t\t\t\t\t\t\t\t\t<!-- title bottom -->\n\t\t\t\t\t\t\t\t\t\t\t\t\t\t\n\t\t\t\t\t\t\t<!-- icon position -->\n\t\t\t\t\t\t\t\t\n\t\t\t\t\t\t\t<!-- end icon position -->\n\n\t\t\t\t\t\t\t<!-- content -->\n\t\t\t\t\t\t\t\t\t\t\t\t\t<\/div>\n\t\t\t\t\t\t\t<!-- inner title -->\n\t\t\t\t\t\t\t\t\t\t\t\t\t\n\t\t\t\t\t<\/div>\t\t\t\t\n\t\t\t\t\t\t<\/div>\n\t\t\t\t<\/div>\n\t\t\t\t<div class=\"elementor-element elementor-element-c244b65 elementor-widget elementor-widget-text-editor\" data-id=\"c244b65\" data-element_type=\"widget\" data-widget_type=\"text-editor.default\">\n\t\t\t\t<div class=\"elementor-widget-container\">\n\t\t\t\t\t\t\t<h2>2<b>.1. Car\u00e0cter gratu\u00eft de l\u2019acc\u00e9s i \u00fas de la web.<\/b><\/h2>\n<p>La prestaci\u00f3 dels serveis per part de RECICLATGE DE PALETS OSONA, SL t\u00e9 car\u00e0cter gratu\u00eft per a tots els Usuaris. No obstant, alguns dels serveis subministrats pel prestador o per tercers a trav\u00e9s de la Web estan subjectes al pagament d\u2019 un preu determinat a les condiciones generals de contractaci\u00f3.<\/p>\n<h2>2.2. Registre d\u2019Usuari [ADAPTAR AL SUPUESTO CONCRETO]<\/h2>\n<p>Amb car\u00e0cter general la prestaci\u00f3 dels Serveis no exigeix la pr\u00e8via subscripci\u00f3 o registre dels Usuaris. Tanmateix, RECICLATGE DE PALETS OSONA, SL condiciona l\u2019\u00fas d\u2019alguns dels serveis a la pr\u00e8via complimentaci\u00f3 del corresponent registre d\u2019Usuari. Aquest registre s\u2019efectuar\u00e0 en la forma expressament indicada en la pr\u00f2pia secci\u00f3 del servei.<\/p>\n<h2>2.3. Veracitat de la informaci\u00f3.<\/h2>\n<p>Tota la informaci\u00f3 que facilita l\u2019 Usuari ha de ser vera\u00e7. aquests efectes, l\u2019Usuari garanteix l\u2019 autenticitat de les dades comunicades a trav\u00e9s dels formularis per a la subscripci\u00f3 dels Serveis. er\u00e0 responsabilitat de l\u2019Usuari mantenir tota la informaci\u00f3 facilitada a RECICLATGE DE PALETS OSONA, SL permanentment actualitzada de forma que respongui, en cada moment, a la seva situaci\u00f3 real. En tot cas, l\u2019Usuari ser\u00e0 l\u2019\u00fanic responsable de les manifestacions falses o inexactes que realitzi i dels perjudicis que causi al prestador o a tercers.<\/p>\n<h2>2.4. Menors de edat.<\/h2>\n<p>Per a l\u2019\u00fas dels serveis, els menors d\u2019edat han de obtenir sempre pr\u00e8viament el consentiment dels pares, tutors o representants legals, responsables \u00faltims de tots els actes realitzats pels menors al seu c\u00e0rrec. La responsabilitat en la determinaci\u00f3 de continguts concrets als quals accedeixen els menors correspon a aquells, \u00e9s per aix\u00f2 que si accedeixen a continguts no apropiats per Internet, s\u2019hauran d\u2019establir en els seus ordinadors mecanismes, en particular programes inform\u00e0tics, filtres i bloquejos, que permetin limitar els continguts disponibles i, tot i que no siguin infal\u00b7libles, s\u00f3n d\u2019especial utilitat per a controlar i restringir els materials als que poden accedir els menors.<\/p>\n<h2>2.5. Obligaci\u00f3 de fer un \u00fas correcte de la Web.<\/h2>\n<div>\n<p>L\u2019Usuari es compromet a utilitzar la Web de conformitat a la Llei i al present Av\u00eds Legal, aix\u00ed com a la moral i a les bones costums. A tal efecte, l\u2019Usuari s\u2019abstindr\u00e0 d\u2019utilitzar la p\u00e0gina amb finalitats il\u00b7l\u00edcites o prohibides, lesives de drets i interessos de tercers, o que de qualsevol forma puguin danyar, inutilitzar, sobrecarregar, deteriorar o impedir la normal utilitzaci\u00f3 d\u2019equips inform\u00e0tics o documents, arxius i tota classe de continguts emmagatzemats en qualsevol equip inform\u00e0tic del prestador.<\/p>\n<p>En particular, i a t\u00edtol indicatiu per\u00f2 no exhaustiu, l\u2019Usuari es compromet a no transmetre, difondre o posar a disposici\u00f3 de tercers informacions, dades, continguts, missatges, gr\u00e0fics, dibuixos, arxius de so o imatge, fotografies, gravacions, software i, en general, qualsevol classe de material que:<\/p>\n<p>(a) sigui contr\u00e0ria, menyspre\u00ef o atempti contra els drets fonamentals i les llibertats p\u00fabliques reconegudes constitucionalment, en tractats internacionals i altres normes vigents;<\/p>\n<p>(b) indueixi, inciti o promogui actuacions delictives, denigrants, difamat\u00f2ries, violentes o, en general, contr\u00e0ries a la llei, a la moral i a l\u2019ordre p\u00fablic;<\/p>\n<p>(c) indueixi, inciti o promogui actuacions, actituds o pensaments discriminatoris per ra\u00f3 de sexe, ra\u00e7a, religi\u00f3, creences, edat o condici\u00f3;<\/p>\n<p>(d) sigui contrari al dret a l\u2019honor, a la intimitat personal o familiar o a la pr\u00f2pia imatge de les persones;<\/p>\n<p>(e) de qualsevol manera perjudiqui la credibilitat del prestador o de tercers; i<\/p>\n<p>(f) constitueixi publicitat il\u00b7l\u00edcita, enganyosa o deslleial.<\/p>\n<\/div>\n<div> <\/div>\n\t\t\t\t\t\t<\/div>\n\t\t\t\t<\/div>\n\t\t\t\t<div class=\"elementor-element elementor-element-4fb1e9c poket-star-rating--align-center elementor-widget elementor-widget-witr_section_title\" data-id=\"4fb1e9c\" data-element_type=\"widget\" data-widget_type=\"witr_section_title.default\">\n\t\t\t\t<div class=\"elementor-widget-container\">\n\t\t\t\t\t\t\t\t<!-- title left -->\n\t\t\t\t\t<div class=\"witr_section_title\">\n\t\t\t\t\t\t<div class=\"witr_section_title_inner text-left\">\n\t\t\t\t\t\t\n\t\t\t\t\t\t\t<!-- icon position -->\n\t\t\t\t\t\t\t\t\n\t\t\t\t\t\t\t<!-- end icon position -->\n\t\t\t\t\t\t\n\t\t\t\t\t\t\n\t\t\t\t\t\t\t<!-- title top -->\n\t\t\t\t\t\t\t\n\t\t\t\t\t\t\t<!-- icon position -->\n\t\t\t\t\t\t\t\t\t\t\t\t\t\t\n\t\t\t\t\t\t\t<!-- image -->\n\t\t\t\t\t\t\t\t\t\t\t\t\t\t<!-- icon -->\n\t\t\t\t\t\t\t\t\t\t\t\t\t\t\n\t\t\t\t\t\t\t<!-- bar -->\n\t\t\t\t\t\t\t\t\t\t\t\t\t\t<!-- circle bar -->\n\t\t\t\t\t\t\t\t\t\t\t\t\t\t\n\t\t\t\t\t\t\t\t\n\t\t\t\t\t\t\t<!-- end icon position -->\n\n\t\t\t\t\t\t\t\n\t\t\t\t\t\t\t<!-- title middle -->\n\t\t\t\t\t\t\t\t\t\t\t\t\t\t\t<h3>3. EXCLUSI\u00d3 DE GARANTIES I RESPONSABILITAT<\/h3>\t\t\n\t\t\t\t\t\t\t\t\t\t\t\t\t\t<!-- title bottom -->\n\t\t\t\t\t\t\t\t\t\t\t\t\t\t\n\t\t\t\t\t\t\t<!-- icon position -->\n\t\t\t\t\t\t\t\t\n\t\t\t\t\t\t\t<!-- end icon position -->\n\n\t\t\t\t\t\t\t<!-- content -->\n\t\t\t\t\t\t\t\t\t\t\t\t\t<\/div>\n\t\t\t\t\t\t\t<!-- inner title -->\n\t\t\t\t\t\t\t\t\t\t\t\t\t\n\t\t\t\t\t<\/div>\t\t\t\t\n\t\t\t\t\t\t<\/div>\n\t\t\t\t<\/div>\n\t\t\t\t<div class=\"elementor-element elementor-element-4447f2a elementor-widget elementor-widget-text-editor\" data-id=\"4447f2a\" data-element_type=\"widget\" data-widget_type=\"text-editor.default\">\n\t\t\t\t<div class=\"elementor-widget-container\">\n\t\t\t\t\t\t\t<p>El prestador s\u2019eximeix de qualsevol tipus de responsabilitat derivada de la informaci\u00f3 publicada en el nostre lloc web, sempre que aquesta informaci\u00f3 hagi estat manipulada o introdu\u00efda per un tercer ali\u00e8.<\/p>\n<p>Aquesta web ha estat revisada i provada per a que funcioni correctament. En principi, es pot garantir el correcte funcionament els 365 dies de l\u2019any, 24 hores al dia. No obstant aix\u00f2, el prestador no descarta la possibilitat que existeixin determinats errors de programaci\u00f3, o que succeeixin causes de for\u00e7a major, cat\u00e0strofes naturals, vagues, o circumst\u00e0ncies semblants que facin impossible l\u2019acc\u00e9s a la p\u00e0gina web.<\/p>\n<p>RECICLATGE DE PALETS OSONA, SL no atorga cap garantia ni es fa responsable, en cap cas, dels danys i perjudicis de qualsevol naturalesa que puguin sortir a col\u00b7laci\u00f3 de la falta de disponibilitat, manteniment i efectiu funcionament de la web o dels seus serveis i continguts; de l\u2019exist\u00e8ncia de virus, programes maliciosos o lesius en els continguts; de l\u2019\u00fas il\u00b7l\u00edcit, negligent, fraudulent o contrari a aquest Av\u00eds Legal i condicions d\u2019\u00fas; o de La falta de licitud, qualitat, fiabilitat, utilitat i disponibilitat dels serveis prestats per tercers i posats a disposici\u00f3 dels usuaris en el lloc web.<\/p>\n<p>El prestador no es fa responsable sota cap concepte dels danys que puguin dimanar de l\u2019\u00fas il\u00b7legal o indegut de la present p\u00e0gina web.<\/p>\n\t\t\t\t\t\t<\/div>\n\t\t\t\t<\/div>\n\t\t\t\t<div class=\"elementor-element elementor-element-2bbeb86 poket-star-rating--align-center elementor-widget elementor-widget-witr_section_title\" data-id=\"2bbeb86\" data-element_type=\"widget\" data-widget_type=\"witr_section_title.default\">\n\t\t\t\t<div class=\"elementor-widget-container\">\n\t\t\t\t\t\t\t\t<!-- title left -->\n\t\t\t\t\t<div class=\"witr_section_title\">\n\t\t\t\t\t\t<div class=\"witr_section_title_inner text-left\">\n\t\t\t\t\t\t\n\t\t\t\t\t\t\t<!-- icon position -->\n\t\t\t\t\t\t\t\t\n\t\t\t\t\t\t\t<!-- end icon position -->\n\t\t\t\t\t\t\n\t\t\t\t\t\t\n\t\t\t\t\t\t\t<!-- title top -->\n\t\t\t\t\t\t\t\n\t\t\t\t\t\t\t<!-- icon position -->\n\t\t\t\t\t\t\t\t\t\t\t\t\t\t\n\t\t\t\t\t\t\t<!-- image -->\n\t\t\t\t\t\t\t\t\t\t\t\t\t\t<!-- icon -->\n\t\t\t\t\t\t\t\t\t\t\t\t\t\t\n\t\t\t\t\t\t\t<!-- bar -->\n\t\t\t\t\t\t\t\t\t\t\t\t\t\t<!-- circle bar -->\n\t\t\t\t\t\t\t\t\t\t\t\t\t\t\n\t\t\t\t\t\t\t\t\n\t\t\t\t\t\t\t<!-- end icon position -->\n\n\t\t\t\t\t\t\t\n\t\t\t\t\t\t\t<!-- title middle -->\n\t\t\t\t\t\t\t\t\t\t\t\t\t\t\t<h3>4. COOKIES [ADAPTAR AL SUP\u00d2SIT CONCRET]<\/h3>\t\t\n\t\t\t\t\t\t\t\t\t\t\t\t\t\t<!-- title bottom -->\n\t\t\t\t\t\t\t\t\t\t\t\t\t\t\n\t\t\t\t\t\t\t<!-- icon position -->\n\t\t\t\t\t\t\t\t\n\t\t\t\t\t\t\t<!-- end icon position -->\n\n\t\t\t\t\t\t\t<!-- content -->\n\t\t\t\t\t\t\t\t\t\t\t\t\t<\/div>\n\t\t\t\t\t\t\t<!-- inner title -->\n\t\t\t\t\t\t\t\t\t\t\t\t\t\n\t\t\t\t\t<\/div>\t\t\t\t\n\t\t\t\t\t\t<\/div>\n\t\t\t\t<\/div>\n\t\t\t\t<div class=\"elementor-element elementor-element-0a04d6d elementor-widget elementor-widget-text-editor\" data-id=\"0a04d6d\" data-element_type=\"widget\" data-widget_type=\"text-editor.default\">\n\t\t\t\t<div class=\"elementor-widget-container\">\n\t\t\t\t\t\t\t<p>El lloc web del prestador pot utilitzar cookies (petits fitxers d&#8217;informaci\u00f3 que el servidor envia a l&#8217;ordinador de qui accedeix a la p\u00e0gina) per dur a terme determinades funcions que s\u00f3n considerades imprescindibles per al correcte funcionament i visualitzaci\u00f3 del lloc. Les cookies utilitzades tenen, en tot cas, car\u00e0cter temporal, amb l&#8217;\u00fanica finalitat de fer m\u00e9s efica\u00e7 la navegaci\u00f3, i desapareixen en acabar la sessi\u00f3 de l&#8217;usuari.<\/p>\n<p>En cap cas s\u2019utilitzaran les cookies per a recollir informaci\u00f3 de car\u00e0cter personal.<\/p>\n<p>Per a m\u00e9s informaci\u00f3, vegeu la nostra Pol\u00edtica de Cookies. [ Pol\u00edtica de Cookies]<\/p>\n\t\t\t\t\t\t<\/div>\n\t\t\t\t<\/div>\n\t\t\t\t<div class=\"elementor-element elementor-element-8fb74be poket-star-rating--align-center elementor-widget elementor-widget-witr_section_title\" data-id=\"8fb74be\" data-element_type=\"widget\" data-widget_type=\"witr_section_title.default\">\n\t\t\t\t<div class=\"elementor-widget-container\">\n\t\t\t\t\t\t\t\t<!-- title left -->\n\t\t\t\t\t<div class=\"witr_section_title\">\n\t\t\t\t\t\t<div class=\"witr_section_title_inner text-left\">\n\t\t\t\t\t\t\n\t\t\t\t\t\t\t<!-- icon position -->\n\t\t\t\t\t\t\t\t\n\t\t\t\t\t\t\t<!-- end icon position -->\n\t\t\t\t\t\t\n\t\t\t\t\t\t\n\t\t\t\t\t\t\t<!-- title top -->\n\t\t\t\t\t\t\t\n\t\t\t\t\t\t\t<!-- icon position -->\n\t\t\t\t\t\t\t\t\t\t\t\t\t\t\n\t\t\t\t\t\t\t<!-- image -->\n\t\t\t\t\t\t\t\t\t\t\t\t\t\t<!-- icon -->\n\t\t\t\t\t\t\t\t\t\t\t\t\t\t\n\t\t\t\t\t\t\t<!-- bar -->\n\t\t\t\t\t\t\t\t\t\t\t\t\t\t<!-- circle bar -->\n\t\t\t\t\t\t\t\t\t\t\t\t\t\t\n\t\t\t\t\t\t\t\t\n\t\t\t\t\t\t\t<!-- end icon position -->\n\n\t\t\t\t\t\t\t\n\t\t\t\t\t\t\t<!-- title middle -->\n\t\t\t\t\t\t\t\t\t\t\t\t\t\t\t<h3>5. ENLLA\u00c7OS (ENLLA\u00c7OS)<\/h3>\t\t\n\t\t\t\t\t\t\t\t\t\t\t\t\t\t<!-- title bottom -->\n\t\t\t\t\t\t\t\t\t\t\t\t\t\t\n\t\t\t\t\t\t\t<!-- icon position -->\n\t\t\t\t\t\t\t\t\n\t\t\t\t\t\t\t<!-- end icon position -->\n\n\t\t\t\t\t\t\t<!-- content -->\n\t\t\t\t\t\t\t\t\t\t\t\t\t<\/div>\n\t\t\t\t\t\t\t<!-- inner title -->\n\t\t\t\t\t\t\t\t\t\t\t\t\t\n\t\t\t\t\t<\/div>\t\t\t\t\n\t\t\t\t\t\t<\/div>\n\t\t\t\t<\/div>\n\t\t\t\t<div class=\"elementor-element elementor-element-d957af2 elementor-widget elementor-widget-text-editor\" data-id=\"d957af2\" data-element_type=\"widget\" data-widget_type=\"text-editor.default\">\n\t\t\t\t<div class=\"elementor-widget-container\">\n\t\t\t\t\t\t\t<p>Des del lloc web \u00e9s possible que es redirigeixi a continguts de terceres webs. At\u00e8s que des del web no podem controlar sempre els continguts introdu\u00efts pels tercers, RECICLATGE DE PALETS OSONA, SL no assumeix cap tipus de responsabilitat respecte a aquests continguts. En tot cas, el prestador manifesta que procedir\u00e0 a la retirada immediata de qualsevol contingut que pogu\u00e9s contravenir la legislaci\u00f3 nacional o internacional, la moral o l\u2019ordre p\u00fablic, procedint a la retirada immediata de la re-direcci\u00f3 a aquestes webs, posant en coneixement de les autoritats competents el contingut en q\u00fcesti\u00f3.<\/p>\n<p>El prestador no es responsabilitza de la informaci\u00f3 i continguts emmagatzemats, a t\u00edtol enunciatiu per\u00f2 no limitant, en f\u00f2rums, xats, generadors de blogs, comentaris, xarxes socials o qualsevol altre mitj\u00e0 que permeti a tercers publicar continguts de forma independent a la p\u00e0gina web del prestador. No obstant aix\u00f2 i en compliment del que disposa l\u2019 art. 11 i 16 de la LSSICE, el prestador es posa a disposici\u00f3 de tots els usuaris, autoritats i forces de seguretat, i col\u00b7laborant de forma activa en la retirada o, quan esdevingui necessari, el bloqueig de tots aquells continguts que puguin afectar o contravenir la legislaci\u00f3 nacional, o internacional, drets de tercers o la moral i l\u2019ordre p\u00fablic. En cas que l\u2019usuari consideri que pot existir algun contingut que pogu\u00e9s ser susceptible de aquesta classificaci\u00f3, es prega ho notifiqui de forma immediata al administrador del lloc web.<\/p>\n\t\t\t\t\t\t<\/div>\n\t\t\t\t<\/div>\n\t\t\t\t<div class=\"elementor-element elementor-element-ad74da0 poket-star-rating--align-center elementor-widget elementor-widget-witr_section_title\" data-id=\"ad74da0\" data-element_type=\"widget\" data-widget_type=\"witr_section_title.default\">\n\t\t\t\t<div class=\"elementor-widget-container\">\n\t\t\t\t\t\t\t\t<!-- title left -->\n\t\t\t\t\t<div class=\"witr_section_title\">\n\t\t\t\t\t\t<div class=\"witr_section_title_inner text-left\">\n\t\t\t\t\t\t\n\t\t\t\t\t\t\t<!-- icon position -->\n\t\t\t\t\t\t\t\t\n\t\t\t\t\t\t\t<!-- end icon position -->\n\t\t\t\t\t\t\n\t\t\t\t\t\t\n\t\t\t\t\t\t\t<!-- title top -->\n\t\t\t\t\t\t\t\n\t\t\t\t\t\t\t<!-- icon position -->\n\t\t\t\t\t\t\t\t\t\t\t\t\t\t\n\t\t\t\t\t\t\t<!-- image -->\n\t\t\t\t\t\t\t\t\t\t\t\t\t\t<!-- icon -->\n\t\t\t\t\t\t\t\t\t\t\t\t\t\t\n\t\t\t\t\t\t\t<!-- bar -->\n\t\t\t\t\t\t\t\t\t\t\t\t\t\t<!-- circle bar -->\n\t\t\t\t\t\t\t\t\t\t\t\t\t\t\n\t\t\t\t\t\t\t\t\n\t\t\t\t\t\t\t<!-- end icon position -->\n\n\t\t\t\t\t\t\t\n\t\t\t\t\t\t\t<!-- title middle -->\n\t\t\t\t\t\t\t\t\t\t\t\t\t\t\t<h3>6. PROTECCI\u00d3 DE DADES PERSONALS [ADAPTAR AL SUP\u00d2SIT CONCRET]<\/h3>\t\t\n\t\t\t\t\t\t\t\t\t\t\t\t\t\t<!-- title bottom -->\n\t\t\t\t\t\t\t\t\t\t\t\t\t\t\n\t\t\t\t\t\t\t<!-- icon position -->\n\t\t\t\t\t\t\t\t\n\t\t\t\t\t\t\t<!-- end icon position -->\n\n\t\t\t\t\t\t\t<!-- content -->\n\t\t\t\t\t\t\t\t\t\t\t\t\t<\/div>\n\t\t\t\t\t\t\t<!-- inner title -->\n\t\t\t\t\t\t\t\t\t\t\t\t\t\n\t\t\t\t\t<\/div>\t\t\t\t\n\t\t\t\t\t\t<\/div>\n\t\t\t\t<\/div>\n\t\t\t\t<div class=\"elementor-element elementor-element-e2a6a23 elementor-widget elementor-widget-text-editor\" data-id=\"e2a6a23\" data-element_type=\"widget\" data-widget_type=\"text-editor.default\">\n\t\t\t\t<div class=\"elementor-widget-container\">\n\t\t\t\t\t\t\t<p>El prestador est\u00e0 profundament comprom\u00e8s amb el compliment de la normativa de protecci\u00f3 de dades personals i garanteix el compliment \u00edntegre de les obligacions disposades, aix\u00ed com la implementaci\u00f3 de les mesures de seguretat disposades al Reglament Europeu de Protecci\u00f3 de dades i la normativa espanyola de protecci\u00f3 de dades.<\/p>\n<p>Per a m\u00e9s informaci\u00f3, vegeu la nostra Pol\u00edtica de Privacitat. [VINCULAR A POL\u00cdTICA DE PRIVACITAT] [VINCULAR A POL\u00cdTICA DE PRIVACIDAD]<\/p>\n\t\t\t\t\t\t<\/div>\n\t\t\t\t<\/div>\n\t\t\t\t<div class=\"elementor-element elementor-element-d6b1916 poket-star-rating--align-center elementor-widget elementor-widget-witr_section_title\" data-id=\"d6b1916\" data-element_type=\"widget\" data-widget_type=\"witr_section_title.default\">\n\t\t\t\t<div class=\"elementor-widget-container\">\n\t\t\t\t\t\t\t\t<!-- title left -->\n\t\t\t\t\t<div class=\"witr_section_title\">\n\t\t\t\t\t\t<div class=\"witr_section_title_inner text-left\">\n\t\t\t\t\t\t\n\t\t\t\t\t\t\t<!-- icon position -->\n\t\t\t\t\t\t\t\t\n\t\t\t\t\t\t\t<!-- end icon position -->\n\t\t\t\t\t\t\n\t\t\t\t\t\t\n\t\t\t\t\t\t\t<!-- title top -->\n\t\t\t\t\t\t\t\n\t\t\t\t\t\t\t<!-- icon position -->\n\t\t\t\t\t\t\t\t\t\t\t\t\t\t\n\t\t\t\t\t\t\t<!-- image -->\n\t\t\t\t\t\t\t\t\t\t\t\t\t\t<!-- icon -->\n\t\t\t\t\t\t\t\t\t\t\t\t\t\t\n\t\t\t\t\t\t\t<!-- bar -->\n\t\t\t\t\t\t\t\t\t\t\t\t\t\t<!-- circle bar -->\n\t\t\t\t\t\t\t\t\t\t\t\t\t\t\n\t\t\t\t\t\t\t\t\n\t\t\t\t\t\t\t<!-- end icon position -->\n\n\t\t\t\t\t\t\t\n\t\t\t\t\t\t\t<!-- title middle -->\n\t\t\t\t\t\t\t\t\t\t\t\t\t\t\t<h3>7. PROPIETAT INTEL\u00b7LECTUAL I INDUSTRIAL<\/h3>\t\t\n\t\t\t\t\t\t\t\t\t\t\t\t\t\t<!-- title bottom -->\n\t\t\t\t\t\t\t\t\t\t\t\t\t\t\n\t\t\t\t\t\t\t<!-- icon position -->\n\t\t\t\t\t\t\t\t\n\t\t\t\t\t\t\t<!-- end icon position -->\n\n\t\t\t\t\t\t\t<!-- content -->\n\t\t\t\t\t\t\t\t\t\t\t\t\t<\/div>\n\t\t\t\t\t\t\t<!-- inner title -->\n\t\t\t\t\t\t\t\t\t\t\t\t\t\n\t\t\t\t\t<\/div>\t\t\t\t\n\t\t\t\t\t\t<\/div>\n\t\t\t\t<\/div>\n\t\t\t\t<div class=\"elementor-element elementor-element-ecdbf72 elementor-widget elementor-widget-text-editor\" data-id=\"ecdbf72\" data-element_type=\"widget\" data-widget_type=\"text-editor.default\">\n\t\t\t\t<div class=\"elementor-widget-container\">\n\t\t\t\t\t\t\t<p>El lloc web, incloent a t\u00edtol enunciatiu per\u00f2 no limitatiu la programaci\u00f3, edici\u00f3, compilaci\u00f3 i altres elements necessaris per al seu funcionament, els dissenys, logotips, texts, fotografies i\/o gr\u00e0fics s\u00f3n propietat del prestador o, en cas que fos necessari, disposa de la llic\u00e8ncia o autoritzaci\u00f3 expressa per part dels autors. Tots els continguts del lloc web es troben degudament protegits per la normativa de propietat intel\u00b7lectual i industrial.<\/p>\n<p>Independentment de la finalitat per la que fossin destinats, la reproducci\u00f3 total o parcial, \u00fas, distribuci\u00f3 i comunicaci\u00f3 p\u00fablica requereixen de l\u2019autoritzaci\u00f3 escrita pr\u00e8via per part del prestador. Qualsevol \u00fas no autoritzat pr\u00e8viament per part del prestador ser\u00e0 considerat un incompliment greu dels drets de propietat intel\u00b7lectual o industrial de l\u2019autor.<\/p>\n<p>Els dissenys, logotips, texts i\/o gr\u00e0fics aliens al prestador i que puguin apar\u00e8ixer en el lloc web, pertanyen als seus respectius propietaris, essent ells mateixos els responsables de qualsevol possible controv\u00e8rsia que pogu\u00e9s esdevenir respecte als mateixos. En tot cas, el prestador compte amb l\u2019autoritzaci\u00f3 expressa i pr\u00e8via per part dels mateixos.<\/p>\n<p>El prestador reconeix a favor dels seus titulars els corresponents drets de propietat industrial i intel\u00b7lectual, no implicant la menci\u00f3 o aparici\u00f3 en el lloc web, de l\u2019exist\u00e8ncia de drets o cap responsabilitat del prestador sobre els mateixos, com tampoc recolzament, patrocini o recomanaci\u00f3 per part del mateix.<\/p>\n<p>Per a realitzar qualsevol tipus d\u2019observaci\u00f3 respecte a possibles incompliments dels drets de propietat intel\u00b7lectual o industrial, aix\u00ed como sobre qualsevol dels continguts del lloc web, pot fer-ho a trav\u00e9s del correu electr\u00f2nic a dalt ressenyat.<\/p>\n\t\t\t\t\t\t<\/div>\n\t\t\t\t<\/div>\n\t\t\t\t<div class=\"elementor-element elementor-element-5c7cece poket-star-rating--align-center elementor-widget elementor-widget-witr_section_title\" data-id=\"5c7cece\" data-element_type=\"widget\" data-widget_type=\"witr_section_title.default\">\n\t\t\t\t<div class=\"elementor-widget-container\">\n\t\t\t\t\t\t\t\t<!-- title left -->\n\t\t\t\t\t<div class=\"witr_section_title\">\n\t\t\t\t\t\t<div class=\"witr_section_title_inner text-left\">\n\t\t\t\t\t\t\n\t\t\t\t\t\t\t<!-- icon position -->\n\t\t\t\t\t\t\t\t\n\t\t\t\t\t\t\t<!-- end icon position -->\n\t\t\t\t\t\t\n\t\t\t\t\t\t\n\t\t\t\t\t\t\t<!-- title top -->\n\t\t\t\t\t\t\t\n\t\t\t\t\t\t\t<!-- icon position -->\n\t\t\t\t\t\t\t\t\t\t\t\t\t\t\n\t\t\t\t\t\t\t<!-- image -->\n\t\t\t\t\t\t\t\t\t\t\t\t\t\t<!-- icon -->\n\t\t\t\t\t\t\t\t\t\t\t\t\t\t\n\t\t\t\t\t\t\t<!-- bar -->\n\t\t\t\t\t\t\t\t\t\t\t\t\t\t<!-- circle bar -->\n\t\t\t\t\t\t\t\t\t\t\t\t\t\t\n\t\t\t\t\t\t\t\t\n\t\t\t\t\t\t\t<!-- end icon position -->\n\n\t\t\t\t\t\t\t\n\t\t\t\t\t\t\t<!-- title middle -->\n\t\t\t\t\t\t\t\t\t\t\t\t\t\t\t<h3>8.- LLEI APLICABLE I JURISDICCI\u00d3<\/h3>\t\t\n\t\t\t\t\t\t\t\t\t\t\t\t\t\t<!-- title bottom -->\n\t\t\t\t\t\t\t\t\t\t\t\t\t\t\n\t\t\t\t\t\t\t<!-- icon position -->\n\t\t\t\t\t\t\t\t\n\t\t\t\t\t\t\t<!-- end icon position -->\n\n\t\t\t\t\t\t\t<!-- content -->\n\t\t\t\t\t\t\t\t\t\t\t\t\t<\/div>\n\t\t\t\t\t\t\t<!-- inner title -->\n\t\t\t\t\t\t\t\t\t\t\t\t\t\n\t\t\t\t\t<\/div>\t\t\t\t\n\t\t\t\t\t\t<\/div>\n\t\t\t\t<\/div>\n\t\t\t\t<div class=\"elementor-element elementor-element-3427eea elementor-widget elementor-widget-text-editor\" data-id=\"3427eea\" data-element_type=\"widget\" data-widget_type=\"text-editor.default\">\n\t\t\t\t<div class=\"elementor-widget-container\">\n\t\t\t\t\t\t\t<p>Per a la resoluci\u00f3 de les controv\u00e8rsies o q\u00fcestions relacionades amb la present p\u00e0gina web o de les activitats en aquesta desenvolupades, ser\u00e0 d\u2019aplicaci\u00f3 la legislaci\u00f3 espanyola, a la que es sotmeten expressament les parts, essent competents per la resoluci\u00f3 de tots els conflictes derivats o relacionats amb el seu \u00fas els Jutjats i Tribunals de Barcelona.<\/p>\n\t\t\t\t\t\t<\/div>\n\t\t\t\t<\/div>\n\t\t\t\t\t<\/div>\n\t\t<\/div>\n\t\t\t\t\t\t\t<\/div>\n\t\t<\/section>\n\t\t\t\t<section class=\"elementor-section elementor-top-section elementor-element elementor-element-c0b0c95 elementor-section-boxed elementor-section-height-default elementor-section-height-default\" data-id=\"c0b0c95\" data-element_type=\"section\">\n\t\t\t\t\t\t<div class=\"elementor-container elementor-column-gap-default\">\n\t\t\t\t\t<div class=\"elementor-column elementor-col-100 elementor-top-column elementor-element elementor-element-b543755\" data-id=\"b543755\" data-element_type=\"column\">\n\t\t\t<div class=\"elementor-widget-wrap\">\n\t\t\t\t\t\t\t\t\t<\/div>\n\t\t<\/div>\n\t\t\t\t\t\t\t<\/div>\n\t\t<\/section>\n\t\t\t\t\t\t\t<\/div>\n\t\t","protected":false},"excerpt":{"rendered":"<p>AV\u00cdS LEGAL I CONDICIONS D&#8217;\u00daS DEL PORTAL Amb la finalitat de donar compliment a l\u2019article 10 de la Llei 34\/2002 de Serveis de la Societat de la Informaci\u00f3 i del Comer\u00e7 Electr\u00f2nic, informem als usuaris de les nostres dades: Denominaci\u00f3 Social: RECICLATGE DE PALETS OSONA, SL Domicili Social: C\/ Ind\u00fastria, 29-31 Sant Juli\u00e0 de Vilatorta [&hellip;]<\/p>\n","protected":false},"author":1,"featured_media":0,"parent":0,"menu_order":0,"comment_status":"closed","ping_status":"closed","template":"template-home.php","meta":{"footnotes":""},"class_list":["post-13534","page","type-page","status-publish","hentry"],"yoast_head":"<!-- This site is optimized with the Yoast SEO plugin v20.6 - https:\/\/yoast.com\/wordpress\/plugins\/seo\/ -->\n<title>Pol\u00edtica de privadesa - RECICLATGE DE PALETS OSONA<\/title>\n<meta name=\"description\" content=\"A trav\u00e9s de la Web RECICLATGE DE PALETS OSONA, SL facilita als usuaris l\u2019acc\u00e9s i utilitzaci\u00f3 del web.\" \/>\n<meta name=\"robots\" content=\"noindex, follow\" \/>\n<meta property=\"og:locale\" content=\"ca_ES\" \/>\n<meta property=\"og:type\" content=\"article\" \/>\n<meta property=\"og:title\" content=\"Pol\u00edtica de privadesa - RECICLATGE DE PALETS OSONA\" \/>\n<meta property=\"og:description\" content=\"A trav\u00e9s de la Web RECICLATGE DE PALETS OSONA, SL facilita als usuaris l\u2019acc\u00e9s i utilitzaci\u00f3 del web.\" \/>\n<meta property=\"og:url\" content=\"https:\/\/paletsosona.com\/ca\/politica-de-privadesa\/\" \/>\n<meta property=\"og:site_name\" content=\"RECICLATGE DE PALETS OSONA\" \/>\n<meta property=\"article:modified_time\" content=\"2026-03-11T10:41:18+00:00\" \/>\n<meta name=\"twitter:card\" content=\"summary_large_image\" \/>\n<meta name=\"twitter:label1\" content=\"Temps estimat de lectura\" \/>\n\t<meta name=\"twitter:data1\" content=\"10 minuts\" \/>\n<script type=\"application\/ld+json\" class=\"yoast-schema-graph\">{\"@context\":\"https:\/\/schema.org\",\"@graph\":[{\"@type\":\"WebPage\",\"@id\":\"https:\/\/paletsosona.com\/ca\/politica-de-privadesa\/\",\"url\":\"https:\/\/paletsosona.com\/ca\/politica-de-privadesa\/\",\"name\":\"Pol\u00edtica de privadesa - RECICLATGE DE PALETS OSONA\",\"isPartOf\":{\"@id\":\"https:\/\/paletsosona.com\/ca\/#website\"},\"datePublished\":\"2020-11-12T11:30:10+00:00\",\"dateModified\":\"2026-03-11T10:41:18+00:00\",\"description\":\"A trav\u00e9s de la Web RECICLATGE DE PALETS OSONA, SL facilita als usuaris l\u2019acc\u00e9s i utilitzaci\u00f3 del web.\",\"breadcrumb\":{\"@id\":\"https:\/\/paletsosona.com\/ca\/politica-de-privadesa\/#breadcrumb\"},\"inLanguage\":\"ca\",\"potentialAction\":[{\"@type\":\"ReadAction\",\"target\":[\"https:\/\/paletsosona.com\/ca\/politica-de-privadesa\/\"]}]},{\"@type\":\"BreadcrumbList\",\"@id\":\"https:\/\/paletsosona.com\/ca\/politica-de-privadesa\/#breadcrumb\",\"itemListElement\":[{\"@type\":\"ListItem\",\"position\":1,\"name\":\"Portada\",\"item\":\"https:\/\/paletsosona.com\/ca\/\"},{\"@type\":\"ListItem\",\"position\":2,\"name\":\"Pol\u00edtica de privadesa\"}]},{\"@type\":\"WebSite\",\"@id\":\"https:\/\/paletsosona.com\/ca\/#website\",\"url\":\"https:\/\/paletsosona.com\/ca\/\",\"name\":\"RECICLATGE DE PALETS OSONA\",\"description\":\"Palets a la medida\",\"publisher\":{\"@id\":\"https:\/\/paletsosona.com\/ca\/#organization\"},\"potentialAction\":[{\"@type\":\"SearchAction\",\"target\":{\"@type\":\"EntryPoint\",\"urlTemplate\":\"https:\/\/paletsosona.com\/ca\/?s={search_term_string}\"},\"query-input\":\"required name=search_term_string\"}],\"inLanguage\":\"ca\"},{\"@type\":\"Organization\",\"@id\":\"https:\/\/paletsosona.com\/ca\/#organization\",\"name\":\"RECICLATGE DE PALETS OSONA\",\"url\":\"https:\/\/paletsosona.com\/ca\/\",\"logo\":{\"@type\":\"ImageObject\",\"inLanguage\":\"ca\",\"@id\":\"https:\/\/paletsosona.com\/ca\/#\/schema\/logo\/image\/\",\"url\":\"https:\/\/paletsosona.com\/wp-content\/uploads\/2023\/04\/Logo-PRTR-vertical_COLOR-1.png\",\"contentUrl\":\"https:\/\/paletsosona.com\/wp-content\/uploads\/2023\/04\/Logo-PRTR-vertical_COLOR-1.png\",\"width\":1920,\"height\":1080,\"caption\":\"RECICLATGE DE PALETS OSONA\"},\"image\":{\"@id\":\"https:\/\/paletsosona.com\/ca\/#\/schema\/logo\/image\/\"},\"sameAs\":[\"https:\/\/www.instagram.com\/paletsosona\/\"]}]}<\/script>\n<!-- \/ Yoast SEO plugin. -->","yoast_head_json":{"title":"Pol\u00edtica de privadesa - RECICLATGE DE PALETS OSONA","description":"A trav\u00e9s de la Web RECICLATGE DE PALETS OSONA, SL facilita als usuaris l\u2019acc\u00e9s i utilitzaci\u00f3 del web.","robots":{"index":"noindex","follow":"follow"},"og_locale":"ca_ES","og_type":"article","og_title":"Pol\u00edtica de privadesa - RECICLATGE DE PALETS OSONA","og_description":"A trav\u00e9s de la Web RECICLATGE DE PALETS OSONA, SL facilita als usuaris l\u2019acc\u00e9s i utilitzaci\u00f3 del web.","og_url":"https:\/\/paletsosona.com\/ca\/politica-de-privadesa\/","og_site_name":"RECICLATGE DE PALETS OSONA","article_modified_time":"2026-03-11T10:41:18+00:00","twitter_card":"summary_large_image","twitter_misc":{"Temps estimat de lectura":"10 minuts"},"schema":{"@context":"https:\/\/schema.org","@graph":[{"@type":"WebPage","@id":"https:\/\/paletsosona.com\/ca\/politica-de-privadesa\/","url":"https:\/\/paletsosona.com\/ca\/politica-de-privadesa\/","name":"Pol\u00edtica de privadesa - RECICLATGE DE PALETS OSONA","isPartOf":{"@id":"https:\/\/paletsosona.com\/ca\/#website"},"datePublished":"2020-11-12T11:30:10+00:00","dateModified":"2026-03-11T10:41:18+00:00","description":"A trav\u00e9s de la Web RECICLATGE DE PALETS OSONA, SL facilita als usuaris l\u2019acc\u00e9s i utilitzaci\u00f3 del web.","breadcrumb":{"@id":"https:\/\/paletsosona.com\/ca\/politica-de-privadesa\/#breadcrumb"},"inLanguage":"ca","potentialAction":[{"@type":"ReadAction","target":["https:\/\/paletsosona.com\/ca\/politica-de-privadesa\/"]}]},{"@type":"BreadcrumbList","@id":"https:\/\/paletsosona.com\/ca\/politica-de-privadesa\/#breadcrumb","itemListElement":[{"@type":"ListItem","position":1,"name":"Portada","item":"https:\/\/paletsosona.com\/ca\/"},{"@type":"ListItem","position":2,"name":"Pol\u00edtica de privadesa"}]},{"@type":"WebSite","@id":"https:\/\/paletsosona.com\/ca\/#website","url":"https:\/\/paletsosona.com\/ca\/","name":"RECICLATGE DE PALETS OSONA","description":"Palets a la medida","publisher":{"@id":"https:\/\/paletsosona.com\/ca\/#organization"},"potentialAction":[{"@type":"SearchAction","target":{"@type":"EntryPoint","urlTemplate":"https:\/\/paletsosona.com\/ca\/?s={search_term_string}"},"query-input":"required name=search_term_string"}],"inLanguage":"ca"},{"@type":"Organization","@id":"https:\/\/paletsosona.com\/ca\/#organization","name":"RECICLATGE DE PALETS OSONA","url":"https:\/\/paletsosona.com\/ca\/","logo":{"@type":"ImageObject","inLanguage":"ca","@id":"https:\/\/paletsosona.com\/ca\/#\/schema\/logo\/image\/","url":"https:\/\/paletsosona.com\/wp-content\/uploads\/2023\/04\/Logo-PRTR-vertical_COLOR-1.png","contentUrl":"https:\/\/paletsosona.com\/wp-content\/uploads\/2023\/04\/Logo-PRTR-vertical_COLOR-1.png","width":1920,"height":1080,"caption":"RECICLATGE DE PALETS OSONA"},"image":{"@id":"https:\/\/paletsosona.com\/ca\/#\/schema\/logo\/image\/"},"sameAs":["https:\/\/www.instagram.com\/paletsosona\/"]}]}},"_links":{"self":[{"href":"https:\/\/paletsosona.com\/ca\/wp-json\/wp\/v2\/pages\/13534","targetHints":{"allow":["GET"]}}],"collection":[{"href":"https:\/\/paletsosona.com\/ca\/wp-json\/wp\/v2\/pages"}],"about":[{"href":"https:\/\/paletsosona.com\/ca\/wp-json\/wp\/v2\/types\/page"}],"author":[{"embeddable":true,"href":"https:\/\/paletsosona.com\/ca\/wp-json\/wp\/v2\/users\/1"}],"replies":[{"embeddable":true,"href":"https:\/\/paletsosona.com\/ca\/wp-json\/wp\/v2\/comments?post=13534"}],"version-history":[{"count":9,"href":"https:\/\/paletsosona.com\/ca\/wp-json\/wp\/v2\/pages\/13534\/revisions"}],"predecessor-version":[{"id":14398,"href":"https:\/\/paletsosona.com\/ca\/wp-json\/wp\/v2\/pages\/13534\/revisions\/14398"}],"wp:attachment":[{"href":"https:\/\/paletsosona.com\/ca\/wp-json\/wp\/v2\/media?parent=13534"}],"curies":[{"name":"wp","href":"https:\/\/api.w.org\/{rel}","templated":true}]}}