{"id":13578,"date":"2023-04-21T04:39:16","date_gmt":"2023-04-21T04:39:16","guid":{"rendered":"http:\/\/paletsosona.com\/declaracio-daccessibilitat\/"},"modified":"2023-10-16T14:39:12","modified_gmt":"2023-10-16T14:39:12","slug":"declaracion-accesibilidad","status":"publish","type":"page","link":"https:\/\/paletsosona.com\/ca\/declaracion-accesibilidad\/","title":{"rendered":"Declaraci\u00f3 d\u2019accessibilitat"},"content":{"rendered":"\t\t<div data-elementor-type=\"wp-page\" data-elementor-id=\"13578\" class=\"elementor elementor-13578 elementor-12786\">\n\t\t\t\t\t\t\t\t\t<section class=\"elementor-section elementor-top-section elementor-element elementor-element-ccb4f2c elementor-section-boxed elementor-section-height-default elementor-section-height-default\" data-id=\"ccb4f2c\" data-element_type=\"section\" data-settings=\"{&quot;background_background&quot;:&quot;classic&quot;}\">\n\t\t\t\t\t\t<div class=\"elementor-container elementor-column-gap-default\">\n\t\t\t\t\t<div class=\"elementor-column elementor-col-100 elementor-top-column elementor-element elementor-element-cc3d6a0\" data-id=\"cc3d6a0\" data-element_type=\"column\" data-settings=\"{&quot;background_background&quot;:&quot;classic&quot;}\">\n\t\t\t<div class=\"elementor-widget-wrap elementor-element-populated\">\n\t\t\t\t\t\t\t\t<div class=\"elementor-element elementor-element-b4a09c8 poket-star-rating--align-center elementor-widget elementor-widget-witr_section_title\" data-id=\"b4a09c8\" data-element_type=\"widget\" data-widget_type=\"witr_section_title.default\">\n\t\t\t\t<div class=\"elementor-widget-container\">\n\t\t\t\t\t\t\t\t<!-- title left -->\n\t\t\t\t\t<div class=\"witr_section_title\">\n\t\t\t\t\t\t<div class=\"witr_section_title_inner text-left\">\n\t\t\t\t\t\t\n\t\t\t\t\t\t\t<!-- icon position -->\n\t\t\t\t\t\t\t\t\n\t\t\t\t\t\t\t<!-- end icon position -->\n\t\t\t\t\t\t\n\t\t\t\t\t\t\n\t\t\t\t\t\t\t<!-- title top -->\n\t\t\t\t\t\t\t\n\t\t\t\t\t\t\t<!-- icon position -->\n\t\t\t\t\t\t\t\t\t\t\t\t\t\t\n\t\t\t\t\t\t\t<!-- image -->\n\t\t\t\t\t\t\t\t\t\t\t\t\t\t<!-- icon -->\n\t\t\t\t\t\t\t\t\t\t\t\t\t\t\n\t\t\t\t\t\t\t<!-- bar -->\n\t\t\t\t\t\t\t\t\t\t\t\t\t\t<!-- circle bar -->\n\t\t\t\t\t\t\t\t\t\t\t\t\t\t\n\t\t\t\t\t\t\t\t\n\t\t\t\t\t\t\t<!-- end icon position -->\n\n\t\t\t\t\t\t\t\n\t\t\t\t\t\t\t<!-- title middle -->\n\t\t\t\t\t\t\t\t\t\t\t\t\t\t\t<h3>Declaraci\u00f3 d'accessibilitat<\/h3>\t\t\n\t\t\t\t\t\t\t\t\t\t\t\t\t\t<!-- title bottom -->\n\t\t\t\t\t\t\t\t\t\t\t\t\t\t\n\t\t\t\t\t\t\t<!-- icon position -->\n\t\t\t\t\t\t\t\t\n\t\t\t\t\t\t\t<!-- end icon position -->\n\n\t\t\t\t\t\t\t<!-- content -->\n\t\t\t\t\t\t\t\t\t\t\t\t\t<\/div>\n\t\t\t\t\t\t\t<!-- inner title -->\n\t\t\t\t\t\t\t\t\t\t\t\t\t\n\t\t\t\t\t<\/div>\t\t\t\t\n\t\t\t\t\t\t<\/div>\n\t\t\t\t<\/div>\n\t\t\t\t<div class=\"elementor-element elementor-element-514b746 elementor-widget elementor-widget-text-editor\" data-id=\"514b746\" data-element_type=\"widget\" data-widget_type=\"text-editor.default\">\n\t\t\t\t<div class=\"elementor-widget-container\">\n\t\t\t<style>\/*! elementor - v3.12.2 - 23-04-2023 *\/\n.elementor-widget-text-editor.elementor-drop-cap-view-stacked .elementor-drop-cap{background-color:#69727d;color:#fff}.elementor-widget-text-editor.elementor-drop-cap-view-framed .elementor-drop-cap{color:#69727d;border:3px solid;background-color:transparent}.elementor-widget-text-editor:not(.elementor-drop-cap-view-default) .elementor-drop-cap{margin-top:8px}.elementor-widget-text-editor:not(.elementor-drop-cap-view-default) .elementor-drop-cap-letter{width:1em;height:1em}.elementor-widget-text-editor .elementor-drop-cap{float:left;text-align:center;line-height:1;font-size:50px}.elementor-widget-text-editor .elementor-drop-cap-letter{display:inline-block}<\/style>\t\t\t\t<p><strong>Serveis d\u2019Internet Javajan SL<\/strong>,\u00a0 s\u2019ha comprom\u00e8s a fer accessibles els seus llocs web, de conformitat amb el <a href=\"https:\/\/www.boe.es\/buscar\/act.php?id=BOE-A-2018-12699\" target=\"_blank\" rel=\"noopener\"><strong>Real Decreto 1112\/2018<\/strong><\/a>, del 7 de setembre, sobre accessibilitat dels llocs web i aplicacions per a dispositius m\u00f2bils, per la qual es trasposa a l&#8217;ordenament jur\u00eddic <a href=\"http:\/\/eur-lex.europa.eu\/legal-content\/ES\/TXT\/?uri=uriserv:OJ.L_.2016.327.01.0001.01.SPA&amp;toc=OJ:L:2016:327:FULL\" target=\"_blank\" rel=\"noopener\">la Directiva (UE) 2016\/2102 del Parlamento Europeo y del Consejo.<\/a>. La present declaraci\u00f3 d\u2019accessibilitat s\u2019aplica al web\u00a0<a href=\"https:\/\/paletsosona.com\/ca\/\">www.paletsosona.predev.eu<\/a><\/p>\t\t\t\t\t\t<\/div>\n\t\t\t\t<\/div>\n\t\t\t\t<div class=\"elementor-element elementor-element-d87e8cc poket-star-rating--align-center elementor-widget elementor-widget-witr_section_title\" data-id=\"d87e8cc\" data-element_type=\"widget\" data-widget_type=\"witr_section_title.default\">\n\t\t\t\t<div class=\"elementor-widget-container\">\n\t\t\t\t\t\t\t\t<!-- title left -->\n\t\t\t\t\t<div class=\"witr_section_title\">\n\t\t\t\t\t\t<div class=\"witr_section_title_inner text-left\">\n\t\t\t\t\t\t\n\t\t\t\t\t\t\t<!-- icon position -->\n\t\t\t\t\t\t\t\t\n\t\t\t\t\t\t\t<!-- end icon position -->\n\t\t\t\t\t\t\n\t\t\t\t\t\t\n\t\t\t\t\t\t\t<!-- title top -->\n\t\t\t\t\t\t\t\n\t\t\t\t\t\t\t<!-- icon position -->\n\t\t\t\t\t\t\t\t\t\t\t\t\t\t\n\t\t\t\t\t\t\t<!-- image -->\n\t\t\t\t\t\t\t\t\t\t\t\t\t\t<!-- icon -->\n\t\t\t\t\t\t\t\t\t\t\t\t\t\t\n\t\t\t\t\t\t\t<!-- bar -->\n\t\t\t\t\t\t\t\t\t\t\t\t\t\t<!-- circle bar -->\n\t\t\t\t\t\t\t\t\t\t\t\t\t\t\n\t\t\t\t\t\t\t\t\n\t\t\t\t\t\t\t<!-- end icon position -->\n\n\t\t\t\t\t\t\t\n\t\t\t\t\t\t\t<!-- title middle -->\n\t\t\t\t\t\t\t\t\t\t\t\t\t\t\t<h3>Situaci\u00f3 de compliment<\/h3>\t\t\n\t\t\t\t\t\t\t\t\t\t\t\t\t\t<!-- title bottom -->\n\t\t\t\t\t\t\t\t\t\t\t\t\t\t\n\t\t\t\t\t\t\t<!-- icon position -->\n\t\t\t\t\t\t\t\t\n\t\t\t\t\t\t\t<!-- end icon position -->\n\n\t\t\t\t\t\t\t<!-- content -->\n\t\t\t\t\t\t\t\t\t\t\t\t\t<\/div>\n\t\t\t\t\t\t\t<!-- inner title -->\n\t\t\t\t\t\t\t\t\t\t\t\t\t\n\t\t\t\t\t<\/div>\t\t\t\t\n\t\t\t\t\t\t<\/div>\n\t\t\t\t<\/div>\n\t\t\t\t<div class=\"elementor-element elementor-element-44e9147 elementor-widget elementor-widget-text-editor\" data-id=\"44e9147\" data-element_type=\"widget\" data-widget_type=\"text-editor.default\">\n\t\t\t\t<div class=\"elementor-widget-container\">\n\t\t\t\t\t\t\t<p>Aquest lloc web \u00e9s parcialment <strong> conforme <\/strong> amb el <a href=\"https:\/\/www.boe.es\/diario_boe\/txt.php?id=BOE-A-2018-12699\" target=\"_blank\" rel=\"noopener\"><strong>RD 1112\/2018<\/strong><\/a> causa de les excepcions i de la manca de conformitat dels aspectes que s&#8217;indiquen a continuaci\u00f3.<\/p>\t\t\t\t\t\t<\/div>\n\t\t\t\t<\/div>\n\t\t\t\t<div class=\"elementor-element elementor-element-e60ff65 poket-star-rating--align-center elementor-widget elementor-widget-witr_section_title\" data-id=\"e60ff65\" data-element_type=\"widget\" data-widget_type=\"witr_section_title.default\">\n\t\t\t\t<div class=\"elementor-widget-container\">\n\t\t\t\t\t\t\t\t<!-- title left -->\n\t\t\t\t\t<div class=\"witr_section_title\">\n\t\t\t\t\t\t<div class=\"witr_section_title_inner text-left\">\n\t\t\t\t\t\t\n\t\t\t\t\t\t\t<!-- icon position -->\n\t\t\t\t\t\t\t\t\n\t\t\t\t\t\t\t<!-- end icon position -->\n\t\t\t\t\t\t\n\t\t\t\t\t\t\n\t\t\t\t\t\t\t<!-- title top -->\n\t\t\t\t\t\t\t\n\t\t\t\t\t\t\t<!-- icon position -->\n\t\t\t\t\t\t\t\t\t\t\t\t\t\t\n\t\t\t\t\t\t\t<!-- image -->\n\t\t\t\t\t\t\t\t\t\t\t\t\t\t<!-- icon -->\n\t\t\t\t\t\t\t\t\t\t\t\t\t\t\n\t\t\t\t\t\t\t<!-- bar -->\n\t\t\t\t\t\t\t\t\t\t\t\t\t\t<!-- circle bar -->\n\t\t\t\t\t\t\t\t\t\t\t\t\t\t\n\t\t\t\t\t\t\t\t\n\t\t\t\t\t\t\t<!-- end icon position -->\n\n\t\t\t\t\t\t\t\n\t\t\t\t\t\t\t<!-- title middle -->\n\t\t\t\t\t\t\t\t\t\t\t\t\t\t\t<h3>Contingut no accessible<\/h3>\t\t\n\t\t\t\t\t\t\t\t\t\t\t\t\t\t<!-- title bottom -->\n\t\t\t\t\t\t\t\t\t\t\t\t\t\t\n\t\t\t\t\t\t\t<!-- icon position -->\n\t\t\t\t\t\t\t\t\n\t\t\t\t\t\t\t<!-- end icon position -->\n\n\t\t\t\t\t\t\t<!-- content -->\n\t\t\t\t\t\t\t\t\t\t\t\t\t<\/div>\n\t\t\t\t\t\t\t<!-- inner title -->\n\t\t\t\t\t\t\t\t\t\t\t\t\t\n\t\t\t\t\t<\/div>\t\t\t\t\n\t\t\t\t\t\t<\/div>\n\t\t\t\t<\/div>\n\t\t\t\t<div class=\"elementor-element elementor-element-c244b65 elementor-widget elementor-widget-text-editor\" data-id=\"c244b65\" data-element_type=\"widget\" data-widget_type=\"text-editor.default\">\n\t\t\t\t<div class=\"elementor-widget-container\">\n\t\t\t\t\t\t\t<p>El contingut que es recull a continuaci\u00f3 no \u00e9s accessible pel seg\u00fcent:<\/p>\n<p><strong>a. Falta de conformitat amb el RD 1112\/2018<\/strong><\/p>\n<ul>\n<li> &#8211; A causa de l&#8217;automatitzaci\u00f3 d&#8217;algunes de les publicacions podrien existir p\u00e0gines amb un incorrecte nidament d&#8217;etiquetes HTML.<\/li>\n<li> &#8211; Hi ha documents en format PDF que no compleixen amb la normativa.<\/li>\n<li> &#8211; Podrien haver-hi errors puntuals d&#8217;edici\u00f3 en alguna p\u00e0gina web.<\/li>\n<li> <\/li>\n<\/ul>\n<p><strong>b.<\/strong> <strong>Carga desproporcionada<\/strong><\/p>\n<ul>\n<li> &#8211; No aplica.<\/li>\n<li> <\/li>\n<\/ul>\n<p><strong>c.<\/strong> <strong>c. Contingut que no entra dins de l&#8217;\u00e0mbit de la legislaci\u00f3 aplicable<\/strong><\/p>\n<ul>\n<li> &#8211; Fitxers ofim\u00e0tics en PDF o altres formats, aix\u00ed com aplicacions publicades abans del 20 de setembre de 2018 que no compleixin totalment tots els requisits d&#8217;accessibilitat.<\/li>\n<li> &#8211; Continguts multim\u00e8dia en directe.<\/li>\n<li> &#8211; Contingut multim\u00e8dia pregravat publicat abans de l&#8217;entrada en vigor del Reial Decret.<\/li>\n<li> &#8211; Serveis de mapa en l\u00ednia.<\/li>\n<\/ul>\n\t\t\t\t\t\t<\/div>\n\t\t\t\t<\/div>\n\t\t\t\t<div class=\"elementor-element elementor-element-4fb1e9c poket-star-rating--align-center elementor-widget elementor-widget-witr_section_title\" data-id=\"4fb1e9c\" data-element_type=\"widget\" data-widget_type=\"witr_section_title.default\">\n\t\t\t\t<div class=\"elementor-widget-container\">\n\t\t\t\t\t\t\t\t<!-- title left -->\n\t\t\t\t\t<div class=\"witr_section_title\">\n\t\t\t\t\t\t<div class=\"witr_section_title_inner text-left\">\n\t\t\t\t\t\t\n\t\t\t\t\t\t\t<!-- icon position -->\n\t\t\t\t\t\t\t\t\n\t\t\t\t\t\t\t<!-- end icon position -->\n\t\t\t\t\t\t\n\t\t\t\t\t\t\n\t\t\t\t\t\t\t<!-- title top -->\n\t\t\t\t\t\t\t\n\t\t\t\t\t\t\t<!-- icon position -->\n\t\t\t\t\t\t\t\t\t\t\t\t\t\t\n\t\t\t\t\t\t\t<!-- image -->\n\t\t\t\t\t\t\t\t\t\t\t\t\t\t<!-- icon -->\n\t\t\t\t\t\t\t\t\t\t\t\t\t\t\n\t\t\t\t\t\t\t<!-- bar -->\n\t\t\t\t\t\t\t\t\t\t\t\t\t\t<!-- circle bar -->\n\t\t\t\t\t\t\t\t\t\t\t\t\t\t\n\t\t\t\t\t\t\t\t\n\t\t\t\t\t\t\t<!-- end icon position -->\n\n\t\t\t\t\t\t\t\n\t\t\t\t\t\t\t<!-- title middle -->\n\t\t\t\t\t\t\t\t\t\t\t\t\t\t\t<h3>Preparaci\u00f3 d'aquesta declaraci\u00f3 d'accessibilitat<\/h3>\t\t\n\t\t\t\t\t\t\t\t\t\t\t\t\t\t<!-- title bottom -->\n\t\t\t\t\t\t\t\t\t\t\t\t\t\t\n\t\t\t\t\t\t\t<!-- icon position -->\n\t\t\t\t\t\t\t\t\n\t\t\t\t\t\t\t<!-- end icon position -->\n\n\t\t\t\t\t\t\t<!-- content -->\n\t\t\t\t\t\t\t\t\t\t\t\t\t<\/div>\n\t\t\t\t\t\t\t<!-- inner title -->\n\t\t\t\t\t\t\t\t\t\t\t\t\t\n\t\t\t\t\t<\/div>\t\t\t\t\n\t\t\t\t\t\t<\/div>\n\t\t\t\t<\/div>\n\t\t\t\t<div class=\"elementor-element elementor-element-4447f2a elementor-widget elementor-widget-text-editor\" data-id=\"4447f2a\" data-element_type=\"widget\" data-widget_type=\"text-editor.default\">\n\t\t\t\t<div class=\"elementor-widget-container\">\n\t\t\t\t\t\t\t<p>Aquesta declaraci\u00f3 va ser preparada el 23 de febrer de 2023 i est\u00e0 basada en els informes d&#8217;accessibilitat web del <a href=\"https:\/\/administracionelectronica.gob.es\/pae_Home\/pae_Estrategias\/pae_Accesibilidad.html\" target=\"_blank\" rel=\"noopener\"><strong>Observatorio de Accesibilidad<\/strong><\/a>.<\/p><p>La data de la darrera revisi\u00f3 ha estat el 23 de febrer de 2023.<\/p>\t\t\t\t\t\t<\/div>\n\t\t\t\t<\/div>\n\t\t\t\t<div class=\"elementor-element elementor-element-2bbeb86 poket-star-rating--align-center elementor-widget elementor-widget-witr_section_title\" data-id=\"2bbeb86\" data-element_type=\"widget\" data-widget_type=\"witr_section_title.default\">\n\t\t\t\t<div class=\"elementor-widget-container\">\n\t\t\t\t\t\t\t\t<!-- title left -->\n\t\t\t\t\t<div class=\"witr_section_title\">\n\t\t\t\t\t\t<div class=\"witr_section_title_inner text-left\">\n\t\t\t\t\t\t\n\t\t\t\t\t\t\t<!-- icon position -->\n\t\t\t\t\t\t\t\t\n\t\t\t\t\t\t\t<!-- end icon position -->\n\t\t\t\t\t\t\n\t\t\t\t\t\t\n\t\t\t\t\t\t\t<!-- title top -->\n\t\t\t\t\t\t\t\n\t\t\t\t\t\t\t<!-- icon position -->\n\t\t\t\t\t\t\t\t\t\t\t\t\t\t\n\t\t\t\t\t\t\t<!-- image -->\n\t\t\t\t\t\t\t\t\t\t\t\t\t\t<!-- icon -->\n\t\t\t\t\t\t\t\t\t\t\t\t\t\t\n\t\t\t\t\t\t\t<!-- bar -->\n\t\t\t\t\t\t\t\t\t\t\t\t\t\t<!-- circle bar -->\n\t\t\t\t\t\t\t\t\t\t\t\t\t\t\n\t\t\t\t\t\t\t\t\n\t\t\t\t\t\t\t<!-- end icon position -->\n\n\t\t\t\t\t\t\t\n\t\t\t\t\t\t\t<!-- title middle -->\n\t\t\t\t\t\t\t\t\t\t\t\t\t\t\t<h3>Observacions i dades de contacte<\/h3>\t\t\n\t\t\t\t\t\t\t\t\t\t\t\t\t\t<!-- title bottom -->\n\t\t\t\t\t\t\t\t\t\t\t\t\t\t\n\t\t\t\t\t\t\t<!-- icon position -->\n\t\t\t\t\t\t\t\t\n\t\t\t\t\t\t\t<!-- end icon position -->\n\n\t\t\t\t\t\t\t<!-- content -->\n\t\t\t\t\t\t\t\t\t\t\t\t\t<\/div>\n\t\t\t\t\t\t\t<!-- inner title -->\n\t\t\t\t\t\t\t\t\t\t\t\t\t\n\t\t\t\t\t<\/div>\t\t\t\t\n\t\t\t\t\t\t<\/div>\n\t\t\t\t<\/div>\n\t\t\t\t<div class=\"elementor-element elementor-element-0a04d6d elementor-widget elementor-widget-text-editor\" data-id=\"0a04d6d\" data-element_type=\"widget\" data-widget_type=\"text-editor.default\">\n\t\t\t\t<div class=\"elementor-widget-container\">\n\t\t\t\t\t\t\t<ul>\n<li>Podeu realitzar <strong>comunicacions<\/strong> sobre requisits d&#8217;accessibilitat (article 10.2 del RD 1112\/2018) com ara:<\/li>\n<li> <\/li>\n<\/ul>\n<p>-Informar sobre qualsevol possible incompliment per part d&#8217;aquest lloc web<\/p>\n<p>\u25cf transmitir altres <strong>dificultats d\u2019acc\u00e9s<\/strong> al contingut<\/p>\n<p>-Formular qualsevol altre <strong>consulta o sugger\u00e8ncia<\/strong> de millora relativa a l\u2019accessibilitat del lloc web. a trav\u00e9s del correu electr\u00f2nic <a style=\"background-color: #f3f3f3;\" href=\"mailto:info@javajan.com\">info@javajan.com<\/a> indicant en l\u2019assumpte el nom de la p\u00e0gina.<\/p>\n\t\t\t\t\t\t<\/div>\n\t\t\t\t<\/div>\n\t\t\t\t<div class=\"elementor-element elementor-element-8fb74be poket-star-rating--align-center elementor-widget elementor-widget-witr_section_title\" data-id=\"8fb74be\" data-element_type=\"widget\" data-widget_type=\"witr_section_title.default\">\n\t\t\t\t<div class=\"elementor-widget-container\">\n\t\t\t\t\t\t\t\t<!-- title left -->\n\t\t\t\t\t<div class=\"witr_section_title\">\n\t\t\t\t\t\t<div class=\"witr_section_title_inner text-left\">\n\t\t\t\t\t\t\n\t\t\t\t\t\t\t<!-- icon position -->\n\t\t\t\t\t\t\t\t\n\t\t\t\t\t\t\t<!-- end icon position -->\n\t\t\t\t\t\t\n\t\t\t\t\t\t\n\t\t\t\t\t\t\t<!-- title top -->\n\t\t\t\t\t\t\t\n\t\t\t\t\t\t\t<!-- icon position -->\n\t\t\t\t\t\t\t\t\t\t\t\t\t\t\n\t\t\t\t\t\t\t<!-- image -->\n\t\t\t\t\t\t\t\t\t\t\t\t\t\t<!-- icon -->\n\t\t\t\t\t\t\t\t\t\t\t\t\t\t\n\t\t\t\t\t\t\t<!-- bar -->\n\t\t\t\t\t\t\t\t\t\t\t\t\t\t<!-- circle bar -->\n\t\t\t\t\t\t\t\t\t\t\t\t\t\t\n\t\t\t\t\t\t\t\t\n\t\t\t\t\t\t\t<!-- end icon position -->\n\n\t\t\t\t\t\t\t\n\t\t\t\t\t\t\t<!-- title middle -->\n\t\t\t\t\t\t\t\t\t\t\t\t\t\t\t<h3>Contingut opcional<\/h3>\t\t\n\t\t\t\t\t\t\t\t\t\t\t\t\t\t<!-- title bottom -->\n\t\t\t\t\t\t\t\t\t\t\t\t\t\t\n\t\t\t\t\t\t\t<!-- icon position -->\n\t\t\t\t\t\t\t\t\n\t\t\t\t\t\t\t<!-- end icon position -->\n\n\t\t\t\t\t\t\t<!-- content -->\n\t\t\t\t\t\t\t\t\t\t\t\t\t<\/div>\n\t\t\t\t\t\t\t<!-- inner title -->\n\t\t\t\t\t\t\t\t\t\t\t\t\t\n\t\t\t\t\t<\/div>\t\t\t\t\n\t\t\t\t\t\t<\/div>\n\t\t\t\t<\/div>\n\t\t\t\t<div class=\"elementor-element elementor-element-d957af2 elementor-widget elementor-widget-text-editor\" data-id=\"d957af2\" data-element_type=\"widget\" data-widget_type=\"text-editor.default\">\n\t\t\t\t<div class=\"elementor-widget-container\">\n\t\t\t\t\t\t\t<p>Aquest lloc web:<\/p><ul><li>\u25cf S&#8217;ha dissenyat adaptant-se als est\u00e0ndards i normatives vigents en relaci\u00f3 amb l&#8217;accessibilitat, complint amb els punts de verificaci\u00f3 de prioritat 2 (AA) definits a l&#8217;especificaci\u00f3 de Pautes d&#8217;Accessibilitat al Contingut a la Web (WCAG 2.1).<\/li><li>\u25cf Compleix els requisits de la Norma <a style=\"background-color: #f3f3f3;\" href=\"https:\/\/administracionelectronica.gob.es\/pae_Home\/dam\/jcr:2352eaaf-2ee8-4501-a67b-bb682c6de934\/Norma_UNE-EN_301549.pdf\" target=\"_blank\" rel=\"noopener\">UNE-EN 301549 v1.1.2:2015<\/a>, considerant les excepcions del Real Decreto 1112\/2018.<\/li><li>\u25cf Est\u00e0 dissenyat per a la seva correcta visualitzaci\u00f3 en dispositius d\u2019escriptori, tablet i m\u00f2bils per a una resoluci\u00f3 m\u00ednima de <strong>1280&#215;1024<\/strong>.<\/li><li>\u25cf S&#8217;ha realitzat utilitzant HTML5 com a llenguatge de marcatge i fulls d&#8217;estil CSS 3 pel disseny.<\/li><\/ul>\t\t\t\t\t\t<\/div>\n\t\t\t\t<\/div>\n\t\t\t\t\t<\/div>\n\t\t<\/div>\n\t\t\t\t\t\t\t<\/div>\n\t\t<\/section>\n\t\t\t\t\t\t\t<\/div>\n\t\t","protected":false},"excerpt":{"rendered":"<p>Declaraci\u00f3 d&#8217;accessibilitat Serveis d\u2019Internet Javajan SL,\u00a0 s\u2019ha comprom\u00e8s a fer accessibles els seus llocs web, de conformitat amb el Real Decreto 1112\/2018, del 7 de setembre, sobre accessibilitat dels llocs web i aplicacions per a dispositius m\u00f2bils, per la qual es trasposa a l&#8217;ordenament jur\u00eddic la Directiva (UE) 2016\/2102 del Parlamento Europeo y del Consejo.. [&hellip;]<\/p>\n","protected":false},"author":1,"featured_media":0,"parent":0,"menu_order":0,"comment_status":"closed","ping_status":"closed","template":"template-home.php","meta":{"footnotes":""},"class_list":["post-13578","page","type-page","status-publish","hentry"],"yoast_head":"<!-- This site is optimized with the Yoast SEO plugin v20.6 - https:\/\/yoast.com\/wordpress\/plugins\/seo\/ -->\n<title>Declaraci\u00f3 d\u2019accessibilitat - RECICLATGE DE PALETS OSONA<\/title>\n<meta name=\"description\" content=\"Aquest lloc web \u00e9s parcialment conforme amb el RD 1112\/2018 a causa de les excepcions i de la manca de conformitat dels aspectes que s&#039;indiquen a continuaci\u00f3.\" \/>\n<meta name=\"robots\" content=\"noindex, follow\" \/>\n<meta property=\"og:locale\" content=\"ca_ES\" \/>\n<meta property=\"og:type\" content=\"article\" \/>\n<meta property=\"og:title\" content=\"Declaraci\u00f3 d\u2019accessibilitat - RECICLATGE DE PALETS OSONA\" \/>\n<meta property=\"og:description\" content=\"Aquest lloc web \u00e9s parcialment conforme amb el RD 1112\/2018 a causa de les excepcions i de la manca de conformitat dels aspectes que s&#039;indiquen a continuaci\u00f3.\" \/>\n<meta property=\"og:url\" content=\"https:\/\/paletsosona.com\/ca\/declaracion-accesibilidad\/\" \/>\n<meta property=\"og:site_name\" content=\"RECICLATGE DE PALETS OSONA\" \/>\n<meta property=\"article:modified_time\" content=\"2023-10-16T14:39:12+00:00\" \/>\n<meta name=\"twitter:card\" content=\"summary_large_image\" \/>\n<meta name=\"twitter:label1\" content=\"Temps estimat de lectura\" \/>\n\t<meta name=\"twitter:data1\" content=\"3 minuts\" \/>\n<script type=\"application\/ld+json\" class=\"yoast-schema-graph\">{\"@context\":\"https:\/\/schema.org\",\"@graph\":[{\"@type\":\"WebPage\",\"@id\":\"https:\/\/paletsosona.com\/ca\/declaracion-accesibilidad\/\",\"url\":\"https:\/\/paletsosona.com\/ca\/declaracion-accesibilidad\/\",\"name\":\"Declaraci\u00f3 d\u2019accessibilitat - RECICLATGE DE PALETS OSONA\",\"isPartOf\":{\"@id\":\"https:\/\/paletsosona.com\/ca\/#website\"},\"datePublished\":\"2023-04-21T04:39:16+00:00\",\"dateModified\":\"2023-10-16T14:39:12+00:00\",\"description\":\"Aquest lloc web \u00e9s parcialment conforme amb el RD 1112\/2018 a causa de les excepcions i de la manca de conformitat dels aspectes que s'indiquen a continuaci\u00f3.\",\"breadcrumb\":{\"@id\":\"https:\/\/paletsosona.com\/ca\/declaracion-accesibilidad\/#breadcrumb\"},\"inLanguage\":\"ca\",\"potentialAction\":[{\"@type\":\"ReadAction\",\"target\":[\"https:\/\/paletsosona.com\/ca\/declaracion-accesibilidad\/\"]}]},{\"@type\":\"BreadcrumbList\",\"@id\":\"https:\/\/paletsosona.com\/ca\/declaracion-accesibilidad\/#breadcrumb\",\"itemListElement\":[{\"@type\":\"ListItem\",\"position\":1,\"name\":\"Portada\",\"item\":\"https:\/\/paletsosona.com\/ca\/\"},{\"@type\":\"ListItem\",\"position\":2,\"name\":\"Declaraci\u00f3 d\u2019accessibilitat\"}]},{\"@type\":\"WebSite\",\"@id\":\"https:\/\/paletsosona.com\/ca\/#website\",\"url\":\"https:\/\/paletsosona.com\/ca\/\",\"name\":\"RECICLATGE DE PALETS OSONA\",\"description\":\"Palets a la medida\",\"publisher\":{\"@id\":\"https:\/\/paletsosona.com\/ca\/#organization\"},\"potentialAction\":[{\"@type\":\"SearchAction\",\"target\":{\"@type\":\"EntryPoint\",\"urlTemplate\":\"https:\/\/paletsosona.com\/ca\/?s={search_term_string}\"},\"query-input\":\"required name=search_term_string\"}],\"inLanguage\":\"ca\"},{\"@type\":\"Organization\",\"@id\":\"https:\/\/paletsosona.com\/ca\/#organization\",\"name\":\"RECICLATGE DE PALETS OSONA\",\"url\":\"https:\/\/paletsosona.com\/ca\/\",\"logo\":{\"@type\":\"ImageObject\",\"inLanguage\":\"ca\",\"@id\":\"https:\/\/paletsosona.com\/ca\/#\/schema\/logo\/image\/\",\"url\":\"https:\/\/paletsosona.com\/wp-content\/uploads\/2023\/04\/Logo-PRTR-vertical_COLOR-1.png\",\"contentUrl\":\"https:\/\/paletsosona.com\/wp-content\/uploads\/2023\/04\/Logo-PRTR-vertical_COLOR-1.png\",\"width\":1920,\"height\":1080,\"caption\":\"RECICLATGE DE PALETS OSONA\"},\"image\":{\"@id\":\"https:\/\/paletsosona.com\/ca\/#\/schema\/logo\/image\/\"},\"sameAs\":[\"https:\/\/www.instagram.com\/paletsosona\/\"]}]}<\/script>\n<!-- \/ Yoast SEO plugin. -->","yoast_head_json":{"title":"Declaraci\u00f3 d\u2019accessibilitat - RECICLATGE DE PALETS OSONA","description":"Aquest lloc web \u00e9s parcialment conforme amb el RD 1112\/2018 a causa de les excepcions i de la manca de conformitat dels aspectes que s'indiquen a continuaci\u00f3.","robots":{"index":"noindex","follow":"follow"},"og_locale":"ca_ES","og_type":"article","og_title":"Declaraci\u00f3 d\u2019accessibilitat - RECICLATGE DE PALETS OSONA","og_description":"Aquest lloc web \u00e9s parcialment conforme amb el RD 1112\/2018 a causa de les excepcions i de la manca de conformitat dels aspectes que s'indiquen a continuaci\u00f3.","og_url":"https:\/\/paletsosona.com\/ca\/declaracion-accesibilidad\/","og_site_name":"RECICLATGE DE PALETS OSONA","article_modified_time":"2023-10-16T14:39:12+00:00","twitter_card":"summary_large_image","twitter_misc":{"Temps estimat de lectura":"3 minuts"},"schema":{"@context":"https:\/\/schema.org","@graph":[{"@type":"WebPage","@id":"https:\/\/paletsosona.com\/ca\/declaracion-accesibilidad\/","url":"https:\/\/paletsosona.com\/ca\/declaracion-accesibilidad\/","name":"Declaraci\u00f3 d\u2019accessibilitat - RECICLATGE DE PALETS OSONA","isPartOf":{"@id":"https:\/\/paletsosona.com\/ca\/#website"},"datePublished":"2023-04-21T04:39:16+00:00","dateModified":"2023-10-16T14:39:12+00:00","description":"Aquest lloc web \u00e9s parcialment conforme amb el RD 1112\/2018 a causa de les excepcions i de la manca de conformitat dels aspectes que s'indiquen a continuaci\u00f3.","breadcrumb":{"@id":"https:\/\/paletsosona.com\/ca\/declaracion-accesibilidad\/#breadcrumb"},"inLanguage":"ca","potentialAction":[{"@type":"ReadAction","target":["https:\/\/paletsosona.com\/ca\/declaracion-accesibilidad\/"]}]},{"@type":"BreadcrumbList","@id":"https:\/\/paletsosona.com\/ca\/declaracion-accesibilidad\/#breadcrumb","itemListElement":[{"@type":"ListItem","position":1,"name":"Portada","item":"https:\/\/paletsosona.com\/ca\/"},{"@type":"ListItem","position":2,"name":"Declaraci\u00f3 d\u2019accessibilitat"}]},{"@type":"WebSite","@id":"https:\/\/paletsosona.com\/ca\/#website","url":"https:\/\/paletsosona.com\/ca\/","name":"RECICLATGE DE PALETS OSONA","description":"Palets a la medida","publisher":{"@id":"https:\/\/paletsosona.com\/ca\/#organization"},"potentialAction":[{"@type":"SearchAction","target":{"@type":"EntryPoint","urlTemplate":"https:\/\/paletsosona.com\/ca\/?s={search_term_string}"},"query-input":"required name=search_term_string"}],"inLanguage":"ca"},{"@type":"Organization","@id":"https:\/\/paletsosona.com\/ca\/#organization","name":"RECICLATGE DE PALETS OSONA","url":"https:\/\/paletsosona.com\/ca\/","logo":{"@type":"ImageObject","inLanguage":"ca","@id":"https:\/\/paletsosona.com\/ca\/#\/schema\/logo\/image\/","url":"https:\/\/paletsosona.com\/wp-content\/uploads\/2023\/04\/Logo-PRTR-vertical_COLOR-1.png","contentUrl":"https:\/\/paletsosona.com\/wp-content\/uploads\/2023\/04\/Logo-PRTR-vertical_COLOR-1.png","width":1920,"height":1080,"caption":"RECICLATGE DE PALETS OSONA"},"image":{"@id":"https:\/\/paletsosona.com\/ca\/#\/schema\/logo\/image\/"},"sameAs":["https:\/\/www.instagram.com\/paletsosona\/"]}]}},"_links":{"self":[{"href":"https:\/\/paletsosona.com\/ca\/wp-json\/wp\/v2\/pages\/13578","targetHints":{"allow":["GET"]}}],"collection":[{"href":"https:\/\/paletsosona.com\/ca\/wp-json\/wp\/v2\/pages"}],"about":[{"href":"https:\/\/paletsosona.com\/ca\/wp-json\/wp\/v2\/types\/page"}],"author":[{"embeddable":true,"href":"https:\/\/paletsosona.com\/ca\/wp-json\/wp\/v2\/users\/1"}],"replies":[{"embeddable":true,"href":"https:\/\/paletsosona.com\/ca\/wp-json\/wp\/v2\/comments?post=13578"}],"version-history":[{"count":10,"href":"https:\/\/paletsosona.com\/ca\/wp-json\/wp\/v2\/pages\/13578\/revisions"}],"predecessor-version":[{"id":13903,"href":"https:\/\/paletsosona.com\/ca\/wp-json\/wp\/v2\/pages\/13578\/revisions\/13903"}],"wp:attachment":[{"href":"https:\/\/paletsosona.com\/ca\/wp-json\/wp\/v2\/media?parent=13578"}],"curies":[{"name":"wp","href":"https:\/\/api.w.org\/{rel}","templated":true}]}}